{"id":9443,"date":"2012-04-09T08:30:48","date_gmt":"2012-04-09T08:30:48","guid":{"rendered":"https:\/\/teatrulreginamaria.ro\/2012\/04\/09\/adamovici-stela\/"},"modified":"2012-04-09T08:30:48","modified_gmt":"2012-04-09T08:30:48","slug":"adamovici-stella","status":"publish","type":"arhiva","link":"https:\/\/www.teatrulreginamaria.ro\/en\/arhiva\/adamovici-stela\/","title":{"rendered":"Adamovici, Stela"},"content":{"rendered":"<p>Actress<\/p>\n<p><em>An actress with a pleasant physique, without specialized studies, she proved useful in smaller, decorative roles, and in Ana in &quot;Tache, Ianke \u0219i Cad\u00e2r&quot; by VIPopa or Simona Munteanu in &quot;Nota zero la purtare&quot; by V.Stoenescu and O.Sava, she demonstrated qualities that, if exploited, could have ensured a more substantial use for her. It seems that this did not happen in Cluj-Napoca, where she moved with her husband, after a three-year activity at the Oradea Theater.<\/em><\/p>\n<p style=\"text-align: right;\"><em>(Presentation by Eugen \u0162ugulea)<\/em><\/p>\n<p><!--more--><\/p>\n<p><strong>Artistic sheet \u2013 Oradea State Theatre<\/strong><\/p>\n<ul>\n<li>Sultana in TALES FROM THE GOLDEN FOREST by Valentin Avrigeanu, 1958, directed by Radu Penciulescu<\/li>\n<li>Performer in THE LIGHT BECAME by N.Damaschin, 1958, directed by Valeriu Grama<\/li>\n<li>The boy in MOMENTS AND SKETCHES OF IL CARAGIALE \u2013 Great Heat, 1958, directed by Dorel Url\u0103\u0163eanu and Radu Penciulescu<\/li>\n<li>Student in MOMENTS AND SKETCHES IL CARAGIALE \u2013 Charged Atmosphere, 1958, directed by Dorel Url\u0103\u0163eanu and Radu Penciulescu<\/li>\n<li>A service boy in MOMENTS AND SKETCHES OF IL CARAGIALE \u2013 Union Garden, 1958, directed by Dorel Url\u0103\u0163eanu and Radu Penciulescu<\/li>\n<li>Tamara in ARISTOCRACIES by Nikolai Pogodin, 1959, directed by Radu Penciulescu<\/li>\n<li>Simona Munteanu in NOTA ZERO LA BORTARE by Virgil Stoenescu and Octavian Sava, 1959, dir. Ion Marinescu<\/li>\n<li>Agrippina in the BABY&#039;S EYE by George Vasilescu after Ion Creang\u0103, 1959, dir. Dan Alecsandrescu<\/li>\n<li>Ana in TACHE, IANKE AND CAD\u00ceR by VIPopa, 1959, directed by Dan Alecsandrescu<\/li>\n<li>The Second Komsomol in LIUBOV IAROVAIA by K. Treniov, 1959, dir. Dan Alecsandrescu<\/li>\n<li>Tatiana in LIUBOV IAROVAIA by K. Treniov, 1959, dir. Dan Alecsandrescu<\/li>\n<li>The Nun in CYRANO DE BERGERAC by Edmond Rostand, 1960, directed by Valeriu Moisescu<\/li>\n<li>The Precious in CYRANO DE BERGERAC by Edmond Rostand, 1960, directed by Valeriu Moisescu<\/li>\n<\/ul>\n<p>\u00a0 \u00a0<\/p>","protected":false},"excerpt":{"rendered":"<p>Actri\u0163\u0103 Actri\u0163\u0103 cu un fizic pl\u0103cut, f\u0103r\u0103 studii de specialitate, s-a dovedit util\u0103 \u00een roluri de mai mic\u0103 \u00eentindere, decorative, iar \u00een Ana din \u201eTache, Ianke \u015fi Cad\u00e2r\u201d de V.I.Popa sau Simona Munteanu din \u201eNota zero la purtare\u201d de V.Stoenescu \u015fi O.Sava, a dovedit calit\u0103\u0163i care, valorificate, i-ar fi putut asigura o folosire mai substan\u0163ial\u0103. [&hellip;]<\/p>\n","protected":false},"featured_media":106,"template":"","meta":{"_acf_changed":false},"categorie-arhiva":[492],"class_list":["post-9443","arhiva","type-arhiva","status-publish","has-post-thumbnail","hentry","categorie-arhiva-arhiva-actori-trupa-iosif-vulcan"],"aioseo_notices":[],"aioseo_head":"\n\t\t<!-- All in One SEO Pro 5.0.1.1 - aioseo.com -->\n\t<meta name=\"description\" content=\"Actri\u0163\u0103 Actri\u0163\u0103 cu un fizic pl\u0103cut, f\u0103r\u0103 studii de specialitate, s-a dovedit util\u0103 \u00een roluri de mai mic\u0103 \u00eentindere, decorative, iar \u00een Ana din \u201eTache, Ianke \u015fi Cad\u00e2r\u201d de V.I.Popa sau Simona Munteanu din \u201eNota zero la purtare\u201d de V.Stoenescu \u015fi O.Sava, a dovedit calit\u0103\u0163i care, valorificate, i-ar fi putut asigura o folosire mai substan\u0163ial\u0103.\" \/>\n\t<meta name=\"robots\" content=\"noindex, max-snippet:-1, max-image-preview:large, max-video-preview:-1\" \/>\n\t<link rel=\"canonical\" href=\"https:\/\/www.teatrulreginamaria.ro\/en\/arhiva\/adamovici-stela\/\" \/>\n\t<meta name=\"generator\" content=\"All in One SEO Pro (AIOSEO) 5.0.1.1\" \/>\n\t\t<meta property=\"og:locale\" content=\"en_GB\" \/>\n\t\t<meta property=\"og:site_name\" content=\"Teatrul Regina Maria Oradea - Trupa Iosif Vulcan \u0219i Trupa Arcadia\" \/>\n\t\t<meta property=\"og:type\" content=\"article\" \/>\n\t\t<meta property=\"og:title\" content=\"Adamovici, Stela - Teatrul Regina Maria Oradea\" \/>\n\t\t<meta property=\"og:description\" content=\"Actri\u0163\u0103 Actri\u0163\u0103 cu un fizic pl\u0103cut, f\u0103r\u0103 studii de specialitate, s-a dovedit util\u0103 \u00een roluri de mai mic\u0103 \u00eentindere, decorative, iar \u00een Ana din \u201eTache, Ianke \u015fi Cad\u00e2r\u201d de V.I.Popa sau Simona Munteanu din \u201eNota zero la purtare\u201d de V.Stoenescu \u015fi O.Sava, a dovedit calit\u0103\u0163i care, valorificate, i-ar fi putut asigura o folosire mai substan\u0163ial\u0103.\" \/>\n\t\t<meta property=\"og:url\" content=\"https:\/\/www.teatrulreginamaria.ro\/en\/arhiva\/adamovici-stela\/\" \/>\n\t\t<meta property=\"og:image\" content=\"https:\/\/www.teatrulreginamaria.ro\/wp-content\/uploads\/2025\/03\/trm-istoric-01.jpg\" \/>\n\t\t<meta property=\"og:image:secure_url\" content=\"https:\/\/www.teatrulreginamaria.ro\/wp-content\/uploads\/2025\/03\/trm-istoric-01.jpg\" \/>\n\t\t<meta property=\"og:image:width\" content=\"1200\" \/>\n\t\t<meta property=\"og:image:height\" content=\"800\" \/>\n\t\t<meta property=\"article:published_time\" content=\"2012-04-09T08:30:48+00:00\" \/>\n\t\t<meta property=\"article:modified_time\" content=\"2012-04-09T08:30:48+00:00\" \/>\n\t\t<meta property=\"article:publisher\" content=\"https:\/\/www.facebook.com\/TRMTrupaIosifVulcan\/\" \/>\n\t\t<meta name=\"twitter:card\" content=\"summary_large_image\" \/>\n\t\t<meta name=\"twitter:site\" content=\"@TRMOradea\" \/>\n\t\t<meta name=\"twitter:title\" content=\"Adamovici, Stela - Teatrul Regina Maria Oradea\" \/>\n\t\t<meta name=\"twitter:description\" content=\"Actri\u0163\u0103 Actri\u0163\u0103 cu un fizic pl\u0103cut, f\u0103r\u0103 studii de specialitate, s-a dovedit util\u0103 \u00een roluri de mai mic\u0103 \u00eentindere, decorative, iar \u00een Ana din \u201eTache, Ianke \u015fi Cad\u00e2r\u201d de V.I.Popa sau Simona Munteanu din \u201eNota zero la purtare\u201d de V.Stoenescu \u015fi O.Sava, a dovedit calit\u0103\u0163i care, valorificate, i-ar fi putut asigura o folosire mai substan\u0163ial\u0103.\" \/>\n\t\t<meta name=\"twitter:image\" content=\"https:\/\/www.teatrulreginamaria.ro\/wp-content\/uploads\/2025\/03\/trm-istoric-01.jpg\" \/>\n\t\t<script type=\"application\/ld+json\" class=\"aioseo-schema\">\n\t\t\t{\"@context\":\"https:\\\/\\\/schema.org\",\"@graph\":[{\"@type\":\"BreadcrumbList\",\"@id\":\"https:\\\/\\\/www.teatrulreginamaria.ro\\\/en\\\/arhiva\\\/adamovici-stela\\\/#breadcrumblist\",\"itemListElement\":[{\"@type\":\"ListItem\",\"@id\":\"https:\\\/\\\/www.teatrulreginamaria.ro\\\/en#listItem\",\"position\":1,\"name\":\"Home\",\"item\":\"https:\\\/\\\/www.teatrulreginamaria.ro\\\/en\",\"nextItem\":{\"@type\":\"ListItem\",\"@id\":\"https:\\\/\\\/www.teatrulreginamaria.ro\\\/en\\\/categorie-arhiva\\\/arhiva-trupa-iosif-vulcan\\\/#listItem\",\"name\":\"Arhiv\\u0103 Trupa Iosif Vulcan\"}},{\"@type\":\"ListItem\",\"@id\":\"https:\\\/\\\/www.teatrulreginamaria.ro\\\/en\\\/categorie-arhiva\\\/arhiva-trupa-iosif-vulcan\\\/#listItem\",\"position\":2,\"name\":\"Arhiv\\u0103 Trupa Iosif Vulcan\",\"item\":\"https:\\\/\\\/www.teatrulreginamaria.ro\\\/en\\\/categorie-arhiva\\\/arhiva-trupa-iosif-vulcan\\\/\",\"nextItem\":{\"@type\":\"ListItem\",\"@id\":\"https:\\\/\\\/www.teatrulreginamaria.ro\\\/en\\\/categorie-arhiva\\\/arhiva-actori-trupa-iosif-vulcan\\\/#listItem\",\"name\":\"Arhiv\\u0103 Actori Trupa Iosif Vulcan\"},\"previousItem\":{\"@type\":\"ListItem\",\"@id\":\"https:\\\/\\\/www.teatrulreginamaria.ro\\\/en#listItem\",\"name\":\"Home\"}},{\"@type\":\"ListItem\",\"@id\":\"https:\\\/\\\/www.teatrulreginamaria.ro\\\/en\\\/categorie-arhiva\\\/arhiva-actori-trupa-iosif-vulcan\\\/#listItem\",\"position\":3,\"name\":\"Arhiv\\u0103 Actori Trupa Iosif Vulcan\",\"item\":\"https:\\\/\\\/www.teatrulreginamaria.ro\\\/en\\\/categorie-arhiva\\\/arhiva-actori-trupa-iosif-vulcan\\\/\",\"nextItem\":{\"@type\":\"ListItem\",\"@id\":\"https:\\\/\\\/www.teatrulreginamaria.ro\\\/en\\\/arhiva\\\/adamovici-stela\\\/#listItem\",\"name\":\"Adamovici, Stela\"},\"previousItem\":{\"@type\":\"ListItem\",\"@id\":\"https:\\\/\\\/www.teatrulreginamaria.ro\\\/en\\\/categorie-arhiva\\\/arhiva-trupa-iosif-vulcan\\\/#listItem\",\"name\":\"Arhiv\\u0103 Trupa Iosif Vulcan\"}},{\"@type\":\"ListItem\",\"@id\":\"https:\\\/\\\/www.teatrulreginamaria.ro\\\/en\\\/arhiva\\\/adamovici-stela\\\/#listItem\",\"position\":4,\"name\":\"Adamovici, Stela\",\"previousItem\":{\"@type\":\"ListItem\",\"@id\":\"https:\\\/\\\/www.teatrulreginamaria.ro\\\/en\\\/categorie-arhiva\\\/arhiva-actori-trupa-iosif-vulcan\\\/#listItem\",\"name\":\"Arhiv\\u0103 Actori Trupa Iosif Vulcan\"}}]},{\"@type\":\"Organization\",\"@id\":\"https:\\\/\\\/www.teatrulreginamaria.ro\\\/en\\\/#organization\",\"name\":\"Teatrul Regina Maria Oradea\",\"description\":\"Trupa Iosif Vulcan \\u0219i Trupa Arcadia\",\"url\":\"https:\\\/\\\/www.teatrulreginamaria.ro\\\/en\\\/\",\"email\":\"marketing@teatrulreginamaria.ro\",\"telephone\":\"+40359411534\",\"numberOfEmployees\":{\"@type\":\"QuantitativeValue\",\"minValue\":0,\"maxValue\":150},\"logo\":{\"@type\":\"ImageObject\",\"url\":\"https:\\\/\\\/www.teatrulreginamaria.ro\\\/wp-content\\\/uploads\\\/2025\\\/06\\\/logo-trm-01-dark.png\",\"@id\":\"https:\\\/\\\/www.teatrulreginamaria.ro\\\/en\\\/arhiva\\\/adamovici-stela\\\/#organizationLogo\",\"width\":300,\"height\":148},\"image\":{\"@id\":\"https:\\\/\\\/www.teatrulreginamaria.ro\\\/en\\\/arhiva\\\/adamovici-stela\\\/#organizationLogo\"},\"sameAs\":[\"https:\\\/\\\/www.facebook.com\\\/TRMTrupaIosifVulcan\\\/\",\"https:\\\/\\\/x.com\\\/TRMOradea\",\"https:\\\/\\\/www.instagram.com\\\/teatrul_regina_maria\\\/\",\"https:\\\/\\\/www.youtube.com\\\/c\\\/TeatrulReginaMariaOradea\",\"https:\\\/\\\/www.linkedin.com\\\/company\\\/teatrul-regina-maria\"]},{\"@type\":\"WebPage\",\"@id\":\"https:\\\/\\\/www.teatrulreginamaria.ro\\\/en\\\/arhiva\\\/adamovici-stela\\\/#webpage\",\"url\":\"https:\\\/\\\/www.teatrulreginamaria.ro\\\/en\\\/arhiva\\\/adamovici-stela\\\/\",\"name\":\"Adamovici, Stela - Teatrul Regina Maria Oradea\",\"description\":\"Actri\\u0163\\u0103 Actri\\u0163\\u0103 cu un fizic pl\\u0103cut, f\\u0103r\\u0103 studii de specialitate, s-a dovedit util\\u0103 \\u00een roluri de mai mic\\u0103 \\u00eentindere, decorative, iar \\u00een Ana din \\u201eTache, Ianke \\u015fi Cad\\u00e2r\\u201d de V.I.Popa sau Simona Munteanu din \\u201eNota zero la purtare\\u201d de V.Stoenescu \\u015fi O.Sava, a dovedit calit\\u0103\\u0163i care, valorificate, i-ar fi putut asigura o folosire mai substan\\u0163ial\\u0103.\",\"inLanguage\":\"en-GB\",\"isPartOf\":{\"@id\":\"https:\\\/\\\/www.teatrulreginamaria.ro\\\/en\\\/#website\"},\"breadcrumb\":{\"@id\":\"https:\\\/\\\/www.teatrulreginamaria.ro\\\/en\\\/arhiva\\\/adamovici-stela\\\/#breadcrumblist\"},\"image\":{\"@type\":\"ImageObject\",\"url\":\"https:\\\/\\\/www.teatrulreginamaria.ro\\\/wp-content\\\/uploads\\\/2012\\\/04\\\/adamovici_stela.jpg\",\"@id\":\"https:\\\/\\\/www.teatrulreginamaria.ro\\\/en\\\/arhiva\\\/adamovici-stela\\\/#mainImage\",\"width\":300,\"height\":368},\"primaryImageOfPage\":{\"@id\":\"https:\\\/\\\/www.teatrulreginamaria.ro\\\/en\\\/arhiva\\\/adamovici-stela\\\/#mainImage\"},\"datePublished\":\"2012-04-09T08:30:48+03:00\",\"dateModified\":\"2012-04-09T08:30:48+03:00\"},{\"@type\":\"WebSite\",\"@id\":\"https:\\\/\\\/www.teatrulreginamaria.ro\\\/en\\\/#website\",\"url\":\"https:\\\/\\\/www.teatrulreginamaria.ro\\\/en\\\/\",\"name\":\"Teatrul Regina Maria Oradea\",\"alternateName\":\"TRM Oradea\",\"description\":\"Trupa Iosif Vulcan \\u0219i Trupa Arcadia\",\"inLanguage\":\"en-GB\",\"publisher\":{\"@id\":\"https:\\\/\\\/www.teatrulreginamaria.ro\\\/en\\\/#organization\"}}]}\n\t\t<\/script>\n\t\t<!-- All in One SEO Pro -->\r\n\t\t<title>Adamovici, Stela - Teatrul Regina Maria Oradea<\/title>\n\n","aioseo_head_json":{"title":"Adamovici, Stela - Regina Maria Theatre Oradea","description":"Actress An actress with a pleasant physique, without specialized studies, she proved useful in smaller, decorative roles, and in Ana in &quot;Tache, Ianke \u0219i Cad\u00e2r&quot; by VIPopa or Simona Munteanu in &quot;Nota zero la purtare&quot; by V.Stoenescu and O.Sava, she demonstrated qualities that, if exploited, could have ensured a more substantial use for her.","canonical_url":"https:\/\/www.teatrulreginamaria.ro\/en\/arhiva\/adamovici-stela\/","robots":"noindex, max-snippet:-1, max-image-preview:large, max-video-preview:-1","keywords":"","webmasterTools":{"miscellaneous":""},"schema":{"@context":"https:\/\/schema.org","@graph":[{"@type":"BreadcrumbList","@id":"https:\/\/www.teatrulreginamaria.ro\/en\/arhiva\/adamovici-stela\/#breadcrumblist","itemListElement":[{"@type":"ListItem","@id":"https:\/\/www.teatrulreginamaria.ro\/en#listItem","position":1,"name":"Home","item":"https:\/\/www.teatrulreginamaria.ro\/en","nextItem":{"@type":"ListItem","@id":"https:\/\/www.teatrulreginamaria.ro\/en\/categorie-arhiva\/arhiva-trupa-iosif-vulcan\/#listItem","name":"Arhiv\u0103 Trupa Iosif Vulcan"}},{"@type":"ListItem","@id":"https:\/\/www.teatrulreginamaria.ro\/en\/categorie-arhiva\/arhiva-trupa-iosif-vulcan\/#listItem","position":2,"name":"Arhiv\u0103 Trupa Iosif Vulcan","item":"https:\/\/www.teatrulreginamaria.ro\/en\/categorie-arhiva\/arhiva-trupa-iosif-vulcan\/","nextItem":{"@type":"ListItem","@id":"https:\/\/www.teatrulreginamaria.ro\/en\/categorie-arhiva\/arhiva-actori-trupa-iosif-vulcan\/#listItem","name":"Arhiv\u0103 Actori Trupa Iosif Vulcan"},"previousItem":{"@type":"ListItem","@id":"https:\/\/www.teatrulreginamaria.ro\/en#listItem","name":"Home"}},{"@type":"ListItem","@id":"https:\/\/www.teatrulreginamaria.ro\/en\/categorie-arhiva\/arhiva-actori-trupa-iosif-vulcan\/#listItem","position":3,"name":"Arhiv\u0103 Actori Trupa Iosif Vulcan","item":"https:\/\/www.teatrulreginamaria.ro\/en\/categorie-arhiva\/arhiva-actori-trupa-iosif-vulcan\/","nextItem":{"@type":"ListItem","@id":"https:\/\/www.teatrulreginamaria.ro\/en\/arhiva\/adamovici-stela\/#listItem","name":"Adamovici, Stela"},"previousItem":{"@type":"ListItem","@id":"https:\/\/www.teatrulreginamaria.ro\/en\/categorie-arhiva\/arhiva-trupa-iosif-vulcan\/#listItem","name":"Arhiv\u0103 Trupa Iosif Vulcan"}},{"@type":"ListItem","@id":"https:\/\/www.teatrulreginamaria.ro\/en\/arhiva\/adamovici-stela\/#listItem","position":4,"name":"Adamovici, Stela","previousItem":{"@type":"ListItem","@id":"https:\/\/www.teatrulreginamaria.ro\/en\/categorie-arhiva\/arhiva-actori-trupa-iosif-vulcan\/#listItem","name":"Arhiv\u0103 Actori Trupa Iosif Vulcan"}}]},{"@type":"Organization","@id":"https:\/\/www.teatrulreginamaria.ro\/en\/#organization","name":"Teatrul Regina Maria Oradea","description":"Trupa Iosif Vulcan \u0219i Trupa Arcadia","url":"https:\/\/www.teatrulreginamaria.ro\/en\/","email":"marketing@teatrulreginamaria.ro","telephone":"+40359411534","numberOfEmployees":{"@type":"QuantitativeValue","minValue":0,"maxValue":150},"logo":{"@type":"ImageObject","url":"https:\/\/www.teatrulreginamaria.ro\/wp-content\/uploads\/2025\/06\/logo-trm-01-dark.png","@id":"https:\/\/www.teatrulreginamaria.ro\/en\/arhiva\/adamovici-stela\/#organizationLogo","width":300,"height":148},"image":{"@id":"https:\/\/www.teatrulreginamaria.ro\/en\/arhiva\/adamovici-stela\/#organizationLogo"},"sameAs":["https:\/\/www.facebook.com\/TRMTrupaIosifVulcan\/","https:\/\/x.com\/TRMOradea","https:\/\/www.instagram.com\/teatrul_regina_maria\/","https:\/\/www.youtube.com\/c\/TeatrulReginaMariaOradea","https:\/\/www.linkedin.com\/company\/teatrul-regina-maria"]},{"@type":"WebPage","@id":"https:\/\/www.teatrulreginamaria.ro\/en\/arhiva\/adamovici-stela\/#webpage","url":"https:\/\/www.teatrulreginamaria.ro\/en\/arhiva\/adamovici-stela\/","name":"Adamovici, Stela - Teatrul Regina Maria Oradea","description":"Actri\u0163\u0103 Actri\u0163\u0103 cu un fizic pl\u0103cut, f\u0103r\u0103 studii de specialitate, s-a dovedit util\u0103 \u00een roluri de mai mic\u0103 \u00eentindere, decorative, iar \u00een Ana din \u201eTache, Ianke \u015fi Cad\u00e2r\u201d de V.I.Popa sau Simona Munteanu din \u201eNota zero la purtare\u201d de V.Stoenescu \u015fi O.Sava, a dovedit calit\u0103\u0163i care, valorificate, i-ar fi putut asigura o folosire mai substan\u0163ial\u0103.","inLanguage":"en-GB","isPartOf":{"@id":"https:\/\/www.teatrulreginamaria.ro\/en\/#website"},"breadcrumb":{"@id":"https:\/\/www.teatrulreginamaria.ro\/en\/arhiva\/adamovici-stela\/#breadcrumblist"},"image":{"@type":"ImageObject","url":"https:\/\/www.teatrulreginamaria.ro\/wp-content\/uploads\/2012\/04\/adamovici_stela.jpg","@id":"https:\/\/www.teatrulreginamaria.ro\/en\/arhiva\/adamovici-stela\/#mainImage","width":300,"height":368},"primaryImageOfPage":{"@id":"https:\/\/www.teatrulreginamaria.ro\/en\/arhiva\/adamovici-stela\/#mainImage"},"datePublished":"2012-04-09T08:30:48+03:00","dateModified":"2012-04-09T08:30:48+03:00"},{"@type":"WebSite","@id":"https:\/\/www.teatrulreginamaria.ro\/en\/#website","url":"https:\/\/www.teatrulreginamaria.ro\/en\/","name":"Teatrul Regina Maria Oradea","alternateName":"TRM Oradea","description":"Trupa Iosif Vulcan \u0219i Trupa Arcadia","inLanguage":"en-GB","publisher":{"@id":"https:\/\/www.teatrulreginamaria.ro\/en\/#organization"}}]},"og:locale":"en_GB","og:site_name":"Teatrul Regina Maria Oradea - Trupa Iosif Vulcan \u0219i Trupa Arcadia","og:type":"article","og:title":"Adamovici, Stela - Teatrul Regina Maria Oradea","og:description":"Actri\u0163\u0103 Actri\u0163\u0103 cu un fizic pl\u0103cut, f\u0103r\u0103 studii de specialitate, s-a dovedit util\u0103 \u00een roluri de mai mic\u0103 \u00eentindere, decorative, iar \u00een Ana din \u201eTache, Ianke \u015fi Cad\u00e2r\u201d de V.I.Popa sau Simona Munteanu din \u201eNota zero la purtare\u201d de V.Stoenescu \u015fi O.Sava, a dovedit calit\u0103\u0163i care, valorificate, i-ar fi putut asigura o folosire mai substan\u0163ial\u0103.","og:url":"https:\/\/www.teatrulreginamaria.ro\/en\/arhiva\/adamovici-stela\/","og:image":"https:\/\/www.teatrulreginamaria.ro\/wp-content\/uploads\/2025\/03\/trm-istoric-01.jpg","og:image:secure_url":"https:\/\/www.teatrulreginamaria.ro\/wp-content\/uploads\/2025\/03\/trm-istoric-01.jpg","og:image:width":1200,"og:image:height":800,"article:published_time":"2012-04-09T08:30:48+00:00","article:modified_time":"2012-04-09T08:30:48+00:00","article:publisher":"https:\/\/www.facebook.com\/TRMTrupaIosifVulcan\/","twitter:card":"summary_large_image","twitter:site":"@TRMOradea","twitter:title":"Adamovici, Stela - Teatrul Regina Maria Oradea","twitter:description":"Actri\u0163\u0103 Actri\u0163\u0103 cu un fizic pl\u0103cut, f\u0103r\u0103 studii de specialitate, s-a dovedit util\u0103 \u00een roluri de mai mic\u0103 \u00eentindere, decorative, iar \u00een Ana din \u201eTache, Ianke \u015fi Cad\u00e2r\u201d de V.I.Popa sau Simona Munteanu din \u201eNota zero la purtare\u201d de V.Stoenescu \u015fi O.Sava, a dovedit calit\u0103\u0163i care, valorificate, i-ar fi putut asigura o folosire mai substan\u0163ial\u0103.","twitter:image":"https:\/\/www.teatrulreginamaria.ro\/wp-content\/uploads\/2025\/03\/trm-istoric-01.jpg"},"aioseo_meta_data":{"post_id":"9443","title":null,"description":null,"keywords":null,"keyphrases":null,"primary_term":null,"canonical_url":null,"og_title":null,"og_description":null,"og_object_type":"default","og_image_type":"default","og_image_url":null,"og_image_width":null,"og_image_height":null,"og_image_custom_url":null,"og_image_custom_fields":null,"og_video":null,"og_custom_url":null,"og_article_section":null,"og_article_tags":null,"twitter_use_og":false,"twitter_card":"default","twitter_image_type":"default","twitter_image_url":null,"twitter_image_custom_url":null,"twitter_image_custom_fields":null,"twitter_title":null,"twitter_description":null,"schema":{"blockGraphs":[],"customGraphs":[],"default":{"data":{"Article":[],"Course":[],"Dataset":[],"FAQPage":[],"Movie":[],"Person":[],"Product":[],"ProductReview":[],"Car":[],"Recipe":[],"Service":[],"SoftwareApplication":[],"WebPage":[]},"graphName":"","isEnabled":true},"graphs":[]},"schema_type":"default","schema_type_options":null,"pillar_content":false,"robots_default":true,"robots_noindex":false,"robots_noarchive":false,"robots_nosnippet":false,"robots_nofollow":false,"robots_noimageindex":false,"robots_noodp":false,"robots_notranslate":false,"robots_max_snippet":null,"robots_max_videopreview":null,"robots_max_imagepreview":"large","priority":null,"frequency":null,"local_seo":null,"seo_analyzer_scan_date":"2026-05-13 05:10:11","breadcrumb_settings":null,"limit_modified_date":false,"reviewed_by":null,"open_ai":null,"ai":null,"created":"2025-04-09 17:37:31","updated":"2026-05-13 05:10:11","focus_keyword":null,"additional_keywords":null,"truseo_locale":null},"aioseo_breadcrumb":"<div class=\"aioseo-breadcrumbs\"><span class=\"aioseo-breadcrumb\">\n\t<a href=\"https:\/\/www.teatrulreginamaria.ro\/en\" title=\"Home\">Home<\/a>\n<\/span><span class=\"aioseo-breadcrumb-separator\">&raquo;<\/span><span class=\"aioseo-breadcrumb\">\n\t<a href=\"https:\/\/www.teatrulreginamaria.ro\/en\/categorie-arhiva\/arhiva-trupa-iosif-vulcan\/\" title=\"Arhiv\u0103 Trupa Iosif Vulcan\">Arhiv\u0103 Trupa Iosif Vulcan<\/a>\n<\/span><span class=\"aioseo-breadcrumb-separator\">&raquo;<\/span><span class=\"aioseo-breadcrumb\">\n\t<a href=\"https:\/\/www.teatrulreginamaria.ro\/en\/categorie-arhiva\/arhiva-actori-trupa-iosif-vulcan\/\" title=\"Arhiv\u0103 Actori Trupa Iosif Vulcan\">Arhiv\u0103 Actori Trupa Iosif Vulcan<\/a>\n<\/span><span class=\"aioseo-breadcrumb-separator\">&raquo;<\/span><span class=\"aioseo-breadcrumb\">\n\tAdamovici, Stela\n<\/span><\/div>","aioseo_breadcrumb_json":[{"label":"Home","link":"https:\/\/www.teatrulreginamaria.ro\/en"},{"label":"Arhiv\u0103 Trupa Iosif Vulcan","link":"https:\/\/www.teatrulreginamaria.ro\/en\/categorie-arhiva\/arhiva-trupa-iosif-vulcan\/"},{"label":"Arhiv\u0103 Actori Trupa Iosif Vulcan","link":"https:\/\/www.teatrulreginamaria.ro\/en\/categorie-arhiva\/arhiva-actori-trupa-iosif-vulcan\/"},{"label":"Adamovici, Stela","link":"https:\/\/www.teatrulreginamaria.ro\/en\/arhiva\/adamovici-stela\/"}],"acf":[],"_links":{"self":[{"href":"https:\/\/www.teatrulreginamaria.ro\/en\/wp-json\/wp\/v2\/arhiva\/9443","targetHints":{"allow":["GET"]}}],"collection":[{"href":"https:\/\/www.teatrulreginamaria.ro\/en\/wp-json\/wp\/v2\/arhiva"}],"about":[{"href":"https:\/\/www.teatrulreginamaria.ro\/en\/wp-json\/wp\/v2\/types\/arhiva"}],"wp:featuredmedia":[{"embeddable":true,"href":"https:\/\/www.teatrulreginamaria.ro\/en\/wp-json\/wp\/v2\/media\/106"}],"wp:attachment":[{"href":"https:\/\/www.teatrulreginamaria.ro\/en\/wp-json\/wp\/v2\/media?parent=9443"}],"wp:term":[{"taxonomy":"categorie-arhiva","embeddable":true,"href":"https:\/\/www.teatrulreginamaria.ro\/en\/wp-json\/wp\/v2\/categorie-arhiva?post=9443"}],"curies":[{"name":"wp","href":"https:\/\/api.w.org\/{rel}","templated":true}]}}