{"id":9594,"date":"2012-06-07T09:34:12","date_gmt":"2012-06-07T09:34:12","guid":{"rendered":"https:\/\/teatrulreginamaria.ro\/2012\/06\/07\/tacoi-cistina\/"},"modified":"2012-06-07T09:34:12","modified_gmt":"2012-06-07T09:34:12","slug":"cisztin-taco","status":"publish","type":"arhiva","link":"https:\/\/www.teatrulreginamaria.ro\/hu\/arhiva\/tacoi-cistina\/","title":{"rendered":"Tacoi, Cristina"},"content":{"rendered":"<p style=\"text-align: justify;\">Sz\u00edn\u00e9szn\u0151<\/p>\n<p style=\"text-align: justify;\">Sz\u00fclet\u00e9si id\u0151 \u00e9s hely: 1933.06.08., Pleni\u0163a<\/p>\n<p style=\"text-align: justify;\">Tanulm\u00e1nyok: IATC &quot;ILCaragiale&quot; Bukarest, 1955<\/p>\n<p style=\"text-align: justify;\"><em>Egy m\u00e1sik tagja annak a \u201etizenkett\u0151 f\u0151s csoportnak\u201d, akik a diploma megszerz\u00e9se ut\u00e1n \u00e9rkeztek, hogy 1955-ben lerakj\u00e1k a nagyv\u00e1radi sz\u00ednh\u00e1z rom\u00e1n tagozat\u00e1nak alapjait. Tehets\u00e9ges \u00e9s kifejez\u0151 sz\u00edn\u00e9szn\u0151k\u00e9nt a Nagyv\u00e1radon t\u00f6lt\u00f6tt n\u00e9gy \u00e9vad szinte \u00f6sszes premierj\u00e9nek \u201ef\u0151szerepl\u0151je\u201d volt.<\/em><\/p>\n<p><!--more--><\/p>\n<p style=\"text-align: justify;\"><em>M\u00e1r els\u0151 \u00e9v\u00e9ben, az els\u0151 nagyobb orsz\u00e1gos sz\u00ednh\u00e1zi versenyen \u2013 az Eredeti Dramaturgia \u00c9vtizede elnevez\u00e9s\u0171 versenyen 1956-ban \u2013 elnyerte a n\u0151i alak\u00edt\u00e1s els\u0151 d\u00edj\u00e1t Ioana szerep\u00e9ben Valeriu Luca \u201eSz\u00edv\u00fcnk\u201d c\u00edm\u0171 darabj\u00e1ban.\u00a0<\/em><em>De sietve t\u00e1vozott a f\u0151v\u00e1rosba, a \u201eCINottara\u201d Sz\u00ednh\u00e1zba, ahol h\u00e1rom-n\u00e9gy m\u00e1sik, azonos nem\u0171 sz\u00edn\u00e9szn\u0151 is volt, \u00e9s b\u00e1r r\u00e1termetts\u00e9g\u00e9t nemcsak a nagyv\u00e1radi tizenkilenc f\u0151szerepben bizony\u00edtotta, alkalmaz\u00e1sa nem hozta meg sz\u00e1m\u00e1ra azt a teljes\u00edtm\u00e9nyt, amelyet meg\u00e9rdemelt volna.<\/em><\/p>\n<p style=\"text-align: justify;\"><em>Miut\u00e1n a sors id\u0151 el\u0151tt \u00e9s dr\u00e1mai m\u00f3don elvette egyetlen gyermek\u00e9t, Cristina Tacoi a k\u00f6lt\u00e9szetben tal\u00e1lt mened\u00e9ket, \u00e9s igazi irodalmi kvalit\u00e1sokat mutatott a megjelent versesk\u00f6tetekben. Figyelemre m\u00e9lt\u00f3 k\u00f6lt\u0151, akinek volt b\u00e1tors\u00e1ga \u00e9s lelki ereje kiadni C\u0103t\u0103lin Bursaci, a mind\u00f6ssze tizennyolc \u00e9vesen (leuk\u00e9mi\u00e1ban elhunyt) \u00e1rnyak vil\u00e1g\u00e1ba t\u00e1vozott fi\u00fa napl\u00f3j\u00e1t: \u201eEls\u0151 k\u00f6nyv, utols\u00f3 k\u00f6nyv\u201d, valamint saj\u00e1t meghat\u00f3 k\u00f6tet\u00e9t: \u201eS\u00edrok, szeretett herceg\u201d.<\/em><\/p>\n<p style=\"text-align: justify;\"><em>T\u00e9v\u00e9m\u0171sorokban vagy j\u00e1t\u00e9kfilmekben is szerepelt, de nem olyan m\u00e9rt\u00e9kben, amennyire nagy tehets\u00e9ge feljogos\u00edtotta volna.<\/em><\/p>\n<p style=\"text-align: right;\"><em> (Eugen \u0162ugulea el\u0151ad\u00e1sa)<\/em><\/p>\n<p style=\"text-align: justify;\"><strong>M\u0171v\u00e9szeti lap \u2013 Nagyv\u00e1radi \u00c1llami Sz\u00ednh\u00e1z<\/strong><\/p>\n<ul>\n<li>Olga a K. Treniov K\u00d6Z\u00c9PISKOL\u00c1I c\u00edm\u0171 darabj\u00e1ban, 1955, rendezte: Radu Penciulescu<\/li>\n<li>Joan a SZ\u00cdV\u00dcNKBEN, Valeriu Luca, 1956, rendezte: Corneliu Zdrehu\u015f<\/li>\n<li>Nasztenka a B. Dihovicin\u00eei \u00e9s M. Slobodskoi SZERELEM NEM VICC c\u00edm\u0171 darabj\u00e1ban, 1956, rendezte: Dorel Url\u0103\u0163eanu<\/li>\n<li>Luciana William Shakespeare T\u00e9ved\u00e9sek v\u00edgj\u00e1t\u00e9k\u00e1ban, 1956, rendezte: Corneliu Zdrehu\u015f<\/li>\n<li>Egy m\u00e1sik vend\u00e9g Jean-Paul Sartre 1956-os, Corneliu Zdrehu\u015f rendez\u00e9s\u00e9ben k\u00e9sz\u00fclt L\u00d6V\u00d6L\u0150KLUB (NEKRASOV) c\u00edm\u0171 darabj\u00e1ban<\/li>\n<li>Gene Tudor Mu\u015fatescu 1956-os TITANIC WALTZ-j\u00e1ban, rendez\u0151: Valentin Avrigeanu<\/li>\n<li>Beatrice a K\u00e9t \u00far szolg\u00e1ja c\u00edm\u0171 darabban, Carlo Goldoni, 1957, rendezte: Vasile Pop<\/li>\n<li>Aretia Mihail Sorbul SZIVATTY\u00daJ\u00c1BAN, 1957, rendezte: Gr\u00f3f Ladislau<\/li>\n<li>Az \u00edr\u00f3 az IL CARAGIALE PILLANATAI \u00c9S V\u00c1ZLATAI \u2013 214. cikk, 1958, Dorel Url\u0103\u021beanu \u00e9s Radu Penciulescu rendez\u00e9s\u00e9ben<\/li>\n<li>Mimi Butnaru Grinevici-Pantelimon A NEPTUN MASZKE c\u00edm\u0171 filmj\u00e9ben, 1957, rendez\u0151: Dan Alecsandrescu<\/li>\n<li>C\u0103t\u0103lina Valentin Avrigeanu MES\u00c9I AZ ARANYERD\u0150B\u0150L c\u00edm\u0171 filmj\u00e9ben, 1958, Radu Penciulescu rendez\u00e9s\u00e9ben<\/li>\n<li>Mircea \u015etef\u0103nescu Ioana in THERE, AWAY, 1958, rendez\u0151. Dan Alecsandrescu<\/li>\n<li>Mioara G.M.Zamfirescu A B\u00c1Lv\u00e1ny \u00c9S ION ANAPODA c\u00edm\u0171 m\u0171v\u00e9ben, 1958, rendez\u0151. Dan Alecsandrescu<\/li>\n<li>Minka az ARISTOKR\u00c1CI\u00c1K-ban, Nikolai Pogodin, 1959, rendezte: Radu Penciulescu<\/li>\n<li>Marcela az \u00daJS\u00c1G\u00cdR\u00d3K c\u00edm\u0171 filmben, Al.Mirodant\u00f3l, 1959, rendez\u0151: Dan Alecsandrescu<\/li>\n<li>Mariana Ple\u015foianu a NOTA ZERO LA BORTARE-ban, Virgil Stoenescu \u00e9s Octavian Sava, 1959, rendez\u0151. Ion Marinescu<\/li>\n<li>A. P. Csehov Sonia a VANEA B\u00c1CS\u00c1BAN, 1959, rendez\u0151. Dan Alecsandrescu<\/li>\n<li>Anya MONTSERRAT-ban, Emmanuel Robl\u0117s, 1959, rendez\u0151. Radu Penciulescu<\/li>\n<li>Caterina a KIS\u00c1LLOM\u00c1SBAN, Dan T\u0103rchil\u0103, 1959, rendezte: Ion Marinescu<\/li>\n<\/ul>","protected":false},"excerpt":{"rendered":"<p>Sz\u00edn\u00e9szn\u0151 Sz\u00fclet\u00e9si id\u0151 \u00e9s hely: 1933.06.08., Pleni\u021ba Tanulm\u00e1nyok: IATC &quot;ILCaragiale&quot; Bukarest, 1955 Annak a \u201etizenkett\u0151 f\u0151s csoportnak\u201d a tagja, akik a diploma megszerz\u00e9se ut\u00e1n 1955-ben \u00e9rkeztek, hogy lerakj\u00e1k a nagyv\u00e1radi sz\u00ednh\u00e1z rom\u00e1n tagozat\u00e1nak alapjait. Tehets\u00e9ges \u00e9s kifejez\u0151 sz\u00edn\u00e9szn\u0151k\u00e9nt a Nagyv\u00e1radon t\u00f6lt\u00f6tt n\u00e9gy \u00e9vad szinte \u00f6sszes premierj\u00e9nek \u201ef\u0151szerepl\u0151je\u201d volt.<\/p>","protected":false},"featured_media":422,"template":"","meta":{"_acf_changed":false},"categorie-arhiva":[492],"class_list":["post-9594","arhiva","type-arhiva","status-publish","has-post-thumbnail","hentry","categorie-arhiva-arhiva-actori-trupa-iosif-vulcan"],"aioseo_notices":[],"aioseo_head":"\n\t\t<!-- All in One SEO Pro 5.0.1.1 - aioseo.com -->\n\t<meta name=\"description\" content=\"Actri\u0163\u0103 Data \u015fi locul na\u015fterii: 08.06.1933, Pleni\u0163a Studii: I.A.T.C. \u201eI.L.Caragiale\u201d Bucure\u015fti, 1955 \u00cenc\u0103 una din \u201egrupul celor doisprezece\u201d veni\u0163i dup\u0103 absolvire, s\u0103 pun\u0103 bazele sec\u0163iei rom\u00e2ne a teatrului or\u0103dean, \u00een 1955. Actri\u0163\u0103 talentat\u0103 \u015fi expresiv\u0103, a \u0163inut \u201ecapul de afi\u015f\u201d \u00een mai toate premierele jucate \u00een cele patru stagiuni petrecute la Oradea. Chiar \u00een primul\" \/>\n\t<meta name=\"robots\" content=\"noindex, max-snippet:-1, max-image-preview:large, max-video-preview:-1\" \/>\n\t<link rel=\"canonical\" href=\"https:\/\/www.teatrulreginamaria.ro\/hu\/arhiva\/tacoi-cistina\/\" \/>\n\t<meta name=\"generator\" content=\"All in One SEO Pro (AIOSEO) 5.0.1.1\" \/>\n\t\t<meta property=\"og:locale\" content=\"hu_HU\" \/>\n\t\t<meta property=\"og:site_name\" content=\"Teatrul Regina Maria Oradea - Trupa Iosif Vulcan \u0219i Trupa Arcadia\" \/>\n\t\t<meta property=\"og:type\" content=\"article\" \/>\n\t\t<meta property=\"og:title\" content=\"Tacoi, Cristina - Teatrul Regina Maria Oradea\" \/>\n\t\t<meta property=\"og:description\" content=\"Actri\u0163\u0103 Data \u015fi locul na\u015fterii: 08.06.1933, Pleni\u0163a Studii: I.A.T.C. \u201eI.L.Caragiale\u201d Bucure\u015fti, 1955 \u00cenc\u0103 una din \u201egrupul celor doisprezece\u201d veni\u0163i dup\u0103 absolvire, s\u0103 pun\u0103 bazele sec\u0163iei rom\u00e2ne a teatrului or\u0103dean, \u00een 1955. Actri\u0163\u0103 talentat\u0103 \u015fi expresiv\u0103, a \u0163inut \u201ecapul de afi\u015f\u201d \u00een mai toate premierele jucate \u00een cele patru stagiuni petrecute la Oradea. Chiar \u00een primul\" \/>\n\t\t<meta property=\"og:url\" content=\"https:\/\/www.teatrulreginamaria.ro\/hu\/arhiva\/tacoi-cistina\/\" \/>\n\t\t<meta property=\"og:image\" content=\"https:\/\/www.teatrulreginamaria.ro\/wp-content\/uploads\/2025\/03\/trm-istoric-01.jpg\" \/>\n\t\t<meta property=\"og:image:secure_url\" content=\"https:\/\/www.teatrulreginamaria.ro\/wp-content\/uploads\/2025\/03\/trm-istoric-01.jpg\" \/>\n\t\t<meta property=\"og:image:width\" content=\"1200\" \/>\n\t\t<meta property=\"og:image:height\" content=\"800\" \/>\n\t\t<meta property=\"article:published_time\" content=\"2012-06-07T09:34:12+00:00\" \/>\n\t\t<meta property=\"article:modified_time\" content=\"2012-06-07T09:34:12+00:00\" \/>\n\t\t<meta property=\"article:publisher\" content=\"https:\/\/www.facebook.com\/TRMTrupaIosifVulcan\/\" \/>\n\t\t<meta name=\"twitter:card\" content=\"summary_large_image\" \/>\n\t\t<meta name=\"twitter:site\" content=\"@TRMOradea\" \/>\n\t\t<meta name=\"twitter:title\" content=\"Tacoi, Cristina - Teatrul Regina Maria Oradea\" \/>\n\t\t<meta name=\"twitter:description\" content=\"Actri\u0163\u0103 Data \u015fi locul na\u015fterii: 08.06.1933, Pleni\u0163a Studii: I.A.T.C. \u201eI.L.Caragiale\u201d Bucure\u015fti, 1955 \u00cenc\u0103 una din \u201egrupul celor doisprezece\u201d veni\u0163i dup\u0103 absolvire, s\u0103 pun\u0103 bazele sec\u0163iei rom\u00e2ne a teatrului or\u0103dean, \u00een 1955. Actri\u0163\u0103 talentat\u0103 \u015fi expresiv\u0103, a \u0163inut \u201ecapul de afi\u015f\u201d \u00een mai toate premierele jucate \u00een cele patru stagiuni petrecute la Oradea. Chiar \u00een primul\" \/>\n\t\t<meta name=\"twitter:image\" content=\"https:\/\/www.teatrulreginamaria.ro\/wp-content\/uploads\/2025\/03\/trm-istoric-01.jpg\" \/>\n\t\t<script type=\"application\/ld+json\" class=\"aioseo-schema\">\n\t\t\t{\"@context\":\"https:\\\/\\\/schema.org\",\"@graph\":[{\"@type\":\"BreadcrumbList\",\"@id\":\"https:\\\/\\\/www.teatrulreginamaria.ro\\\/hu\\\/arhiva\\\/tacoi-cistina\\\/#breadcrumblist\",\"itemListElement\":[{\"@type\":\"ListItem\",\"@id\":\"https:\\\/\\\/www.teatrulreginamaria.ro\\\/hu#listItem\",\"position\":1,\"name\":\"Home\",\"item\":\"https:\\\/\\\/www.teatrulreginamaria.ro\\\/hu\",\"nextItem\":{\"@type\":\"ListItem\",\"@id\":\"https:\\\/\\\/www.teatrulreginamaria.ro\\\/hu\\\/categorie-arhiva\\\/arhiva-trupa-iosif-vulcan\\\/#listItem\",\"name\":\"Arhiv\\u0103 Trupa Iosif Vulcan\"}},{\"@type\":\"ListItem\",\"@id\":\"https:\\\/\\\/www.teatrulreginamaria.ro\\\/hu\\\/categorie-arhiva\\\/arhiva-trupa-iosif-vulcan\\\/#listItem\",\"position\":2,\"name\":\"Arhiv\\u0103 Trupa Iosif Vulcan\",\"item\":\"https:\\\/\\\/www.teatrulreginamaria.ro\\\/hu\\\/categorie-arhiva\\\/arhiva-trupa-iosif-vulcan\\\/\",\"nextItem\":{\"@type\":\"ListItem\",\"@id\":\"https:\\\/\\\/www.teatrulreginamaria.ro\\\/hu\\\/categorie-arhiva\\\/arhiva-actori-trupa-iosif-vulcan\\\/#listItem\",\"name\":\"Arhiv\\u0103 Actori Trupa Iosif Vulcan\"},\"previousItem\":{\"@type\":\"ListItem\",\"@id\":\"https:\\\/\\\/www.teatrulreginamaria.ro\\\/hu#listItem\",\"name\":\"Home\"}},{\"@type\":\"ListItem\",\"@id\":\"https:\\\/\\\/www.teatrulreginamaria.ro\\\/hu\\\/categorie-arhiva\\\/arhiva-actori-trupa-iosif-vulcan\\\/#listItem\",\"position\":3,\"name\":\"Arhiv\\u0103 Actori Trupa Iosif Vulcan\",\"item\":\"https:\\\/\\\/www.teatrulreginamaria.ro\\\/hu\\\/categorie-arhiva\\\/arhiva-actori-trupa-iosif-vulcan\\\/\",\"nextItem\":{\"@type\":\"ListItem\",\"@id\":\"https:\\\/\\\/www.teatrulreginamaria.ro\\\/hu\\\/arhiva\\\/tacoi-cistina\\\/#listItem\",\"name\":\"Tacoi, Cristina\"},\"previousItem\":{\"@type\":\"ListItem\",\"@id\":\"https:\\\/\\\/www.teatrulreginamaria.ro\\\/hu\\\/categorie-arhiva\\\/arhiva-trupa-iosif-vulcan\\\/#listItem\",\"name\":\"Arhiv\\u0103 Trupa Iosif Vulcan\"}},{\"@type\":\"ListItem\",\"@id\":\"https:\\\/\\\/www.teatrulreginamaria.ro\\\/hu\\\/arhiva\\\/tacoi-cistina\\\/#listItem\",\"position\":4,\"name\":\"Tacoi, Cristina\",\"previousItem\":{\"@type\":\"ListItem\",\"@id\":\"https:\\\/\\\/www.teatrulreginamaria.ro\\\/hu\\\/categorie-arhiva\\\/arhiva-actori-trupa-iosif-vulcan\\\/#listItem\",\"name\":\"Arhiv\\u0103 Actori Trupa Iosif Vulcan\"}}]},{\"@type\":\"Organization\",\"@id\":\"https:\\\/\\\/www.teatrulreginamaria.ro\\\/hu\\\/#organization\",\"name\":\"Teatrul Regina Maria Oradea\",\"description\":\"Trupa Iosif Vulcan \\u0219i Trupa Arcadia\",\"url\":\"https:\\\/\\\/www.teatrulreginamaria.ro\\\/hu\\\/\",\"email\":\"marketing@teatrulreginamaria.ro\",\"telephone\":\"+40359411534\",\"numberOfEmployees\":{\"@type\":\"QuantitativeValue\",\"minValue\":0,\"maxValue\":150},\"logo\":{\"@type\":\"ImageObject\",\"url\":\"https:\\\/\\\/www.teatrulreginamaria.ro\\\/wp-content\\\/uploads\\\/2025\\\/06\\\/logo-trm-01-dark.png\",\"@id\":\"https:\\\/\\\/www.teatrulreginamaria.ro\\\/hu\\\/arhiva\\\/tacoi-cistina\\\/#organizationLogo\",\"width\":300,\"height\":148},\"image\":{\"@id\":\"https:\\\/\\\/www.teatrulreginamaria.ro\\\/hu\\\/arhiva\\\/tacoi-cistina\\\/#organizationLogo\"},\"sameAs\":[\"https:\\\/\\\/www.facebook.com\\\/TRMTrupaIosifVulcan\\\/\",\"https:\\\/\\\/x.com\\\/TRMOradea\",\"https:\\\/\\\/www.instagram.com\\\/teatrul_regina_maria\\\/\",\"https:\\\/\\\/www.youtube.com\\\/c\\\/TeatrulReginaMariaOradea\",\"https:\\\/\\\/www.linkedin.com\\\/company\\\/teatrul-regina-maria\"]},{\"@type\":\"WebPage\",\"@id\":\"https:\\\/\\\/www.teatrulreginamaria.ro\\\/hu\\\/arhiva\\\/tacoi-cistina\\\/#webpage\",\"url\":\"https:\\\/\\\/www.teatrulreginamaria.ro\\\/hu\\\/arhiva\\\/tacoi-cistina\\\/\",\"name\":\"Tacoi, Cristina - Teatrul Regina Maria Oradea\",\"description\":\"Actri\\u0163\\u0103 Data \\u015fi locul na\\u015fterii: 08.06.1933, Pleni\\u0163a Studii: I.A.T.C. \\u201eI.L.Caragiale\\u201d Bucure\\u015fti, 1955 \\u00cenc\\u0103 una din \\u201egrupul celor doisprezece\\u201d veni\\u0163i dup\\u0103 absolvire, s\\u0103 pun\\u0103 bazele sec\\u0163iei rom\\u00e2ne a teatrului or\\u0103dean, \\u00een 1955. Actri\\u0163\\u0103 talentat\\u0103 \\u015fi expresiv\\u0103, a \\u0163inut \\u201ecapul de afi\\u015f\\u201d \\u00een mai toate premierele jucate \\u00een cele patru stagiuni petrecute la Oradea. Chiar \\u00een primul\",\"inLanguage\":\"hu-HU\",\"isPartOf\":{\"@id\":\"https:\\\/\\\/www.teatrulreginamaria.ro\\\/hu\\\/#website\"},\"breadcrumb\":{\"@id\":\"https:\\\/\\\/www.teatrulreginamaria.ro\\\/hu\\\/arhiva\\\/tacoi-cistina\\\/#breadcrumblist\"},\"image\":{\"@type\":\"ImageObject\",\"url\":\"https:\\\/\\\/www.teatrulreginamaria.ro\\\/wp-content\\\/uploads\\\/2012\\\/06\\\/Cristina-Tacoi.jpg\",\"@id\":\"https:\\\/\\\/www.teatrulreginamaria.ro\\\/hu\\\/arhiva\\\/tacoi-cistina\\\/#mainImage\",\"width\":300,\"height\":221},\"primaryImageOfPage\":{\"@id\":\"https:\\\/\\\/www.teatrulreginamaria.ro\\\/hu\\\/arhiva\\\/tacoi-cistina\\\/#mainImage\"},\"datePublished\":\"2012-06-07T09:34:12+03:00\",\"dateModified\":\"2012-06-07T09:34:12+03:00\"},{\"@type\":\"WebSite\",\"@id\":\"https:\\\/\\\/www.teatrulreginamaria.ro\\\/hu\\\/#website\",\"url\":\"https:\\\/\\\/www.teatrulreginamaria.ro\\\/hu\\\/\",\"name\":\"Teatrul Regina Maria Oradea\",\"alternateName\":\"TRM Oradea\",\"description\":\"Trupa Iosif Vulcan \\u0219i Trupa Arcadia\",\"inLanguage\":\"hu-HU\",\"publisher\":{\"@id\":\"https:\\\/\\\/www.teatrulreginamaria.ro\\\/hu\\\/#organization\"}}]}\n\t\t<\/script>\n\t\t<!-- All in One SEO Pro -->\r\n\t\t<title>Tacoi, Cristina - Teatrul Regina Maria Oradea<\/title>\n\n","aioseo_head_json":{"title":"Tacoi, Cristina - Regina Maria Sz\u00ednh\u00e1z Nagyv\u00e1radi","description":"Sz\u00edn\u00e9szn\u0151 Sz\u00fclet\u00e9si id\u0151 \u00e9s hely: 1933.06.08., Pleni\u0163a Tanulm\u00e1nyok: IATC &quot;ILCaragiale&quot; Bukarest, 1955 Annak a \u201etizenkett\u0151nek\u201d a tagja, akik a diploma megszerz\u00e9se ut\u00e1n 1955-ben \u00e9rkeztek, hogy lerakj\u00e1k a nagyv\u00e1radi sz\u00ednh\u00e1z rom\u00e1n tagozat\u00e1nak alapjait. Tehets\u00e9ges \u00e9s kifejez\u0151 sz\u00edn\u00e9szn\u0151k\u00e9nt a Nagyv\u00e1radon t\u00f6lt\u00f6tt n\u00e9gy \u00e9vad szinte \u00f6sszes premierj\u00e9n a \u201esz\u00ednpad \u00e9l\u00e9n\u201d \u00e1llt. M\u00e1r az els\u0151\u2026","canonical_url":"https:\/\/www.teatrulreginamaria.ro\/hu\/arhiva\/tacoi-cistina\/","robots":"noindex, max-snippet:-1, max-image-preview:large, max-video-preview:-1","keywords":"","webmasterTools":{"miscellaneous":""},"schema":{"@context":"https:\/\/schema.org","@graph":[{"@type":"BreadcrumbList","@id":"https:\/\/www.teatrulreginamaria.ro\/hu\/arhiva\/tacoi-cistina\/#breadcrumblist","itemListElement":[{"@type":"ListItem","@id":"https:\/\/www.teatrulreginamaria.ro\/hu#listItem","position":1,"name":"Home","item":"https:\/\/www.teatrulreginamaria.ro\/hu","nextItem":{"@type":"ListItem","@id":"https:\/\/www.teatrulreginamaria.ro\/hu\/categorie-arhiva\/arhiva-trupa-iosif-vulcan\/#listItem","name":"Arhiv\u0103 Trupa Iosif Vulcan"}},{"@type":"ListItem","@id":"https:\/\/www.teatrulreginamaria.ro\/hu\/categorie-arhiva\/arhiva-trupa-iosif-vulcan\/#listItem","position":2,"name":"Arhiv\u0103 Trupa Iosif Vulcan","item":"https:\/\/www.teatrulreginamaria.ro\/hu\/categorie-arhiva\/arhiva-trupa-iosif-vulcan\/","nextItem":{"@type":"ListItem","@id":"https:\/\/www.teatrulreginamaria.ro\/hu\/categorie-arhiva\/arhiva-actori-trupa-iosif-vulcan\/#listItem","name":"Arhiv\u0103 Actori Trupa Iosif Vulcan"},"previousItem":{"@type":"ListItem","@id":"https:\/\/www.teatrulreginamaria.ro\/hu#listItem","name":"Home"}},{"@type":"ListItem","@id":"https:\/\/www.teatrulreginamaria.ro\/hu\/categorie-arhiva\/arhiva-actori-trupa-iosif-vulcan\/#listItem","position":3,"name":"Arhiv\u0103 Actori Trupa Iosif Vulcan","item":"https:\/\/www.teatrulreginamaria.ro\/hu\/categorie-arhiva\/arhiva-actori-trupa-iosif-vulcan\/","nextItem":{"@type":"ListItem","@id":"https:\/\/www.teatrulreginamaria.ro\/hu\/arhiva\/tacoi-cistina\/#listItem","name":"Tacoi, Cristina"},"previousItem":{"@type":"ListItem","@id":"https:\/\/www.teatrulreginamaria.ro\/hu\/categorie-arhiva\/arhiva-trupa-iosif-vulcan\/#listItem","name":"Arhiv\u0103 Trupa Iosif Vulcan"}},{"@type":"ListItem","@id":"https:\/\/www.teatrulreginamaria.ro\/hu\/arhiva\/tacoi-cistina\/#listItem","position":4,"name":"Tacoi, Cristina","previousItem":{"@type":"ListItem","@id":"https:\/\/www.teatrulreginamaria.ro\/hu\/categorie-arhiva\/arhiva-actori-trupa-iosif-vulcan\/#listItem","name":"Arhiv\u0103 Actori Trupa Iosif Vulcan"}}]},{"@type":"Organization","@id":"https:\/\/www.teatrulreginamaria.ro\/hu\/#organization","name":"Teatrul Regina Maria Oradea","description":"Trupa Iosif Vulcan \u0219i Trupa Arcadia","url":"https:\/\/www.teatrulreginamaria.ro\/hu\/","email":"marketing@teatrulreginamaria.ro","telephone":"+40359411534","numberOfEmployees":{"@type":"QuantitativeValue","minValue":0,"maxValue":150},"logo":{"@type":"ImageObject","url":"https:\/\/www.teatrulreginamaria.ro\/wp-content\/uploads\/2025\/06\/logo-trm-01-dark.png","@id":"https:\/\/www.teatrulreginamaria.ro\/hu\/arhiva\/tacoi-cistina\/#organizationLogo","width":300,"height":148},"image":{"@id":"https:\/\/www.teatrulreginamaria.ro\/hu\/arhiva\/tacoi-cistina\/#organizationLogo"},"sameAs":["https:\/\/www.facebook.com\/TRMTrupaIosifVulcan\/","https:\/\/x.com\/TRMOradea","https:\/\/www.instagram.com\/teatrul_regina_maria\/","https:\/\/www.youtube.com\/c\/TeatrulReginaMariaOradea","https:\/\/www.linkedin.com\/company\/teatrul-regina-maria"]},{"@type":"WebPage","@id":"https:\/\/www.teatrulreginamaria.ro\/hu\/arhiva\/tacoi-cistina\/#webpage","url":"https:\/\/www.teatrulreginamaria.ro\/hu\/arhiva\/tacoi-cistina\/","name":"Tacoi, Cristina - Teatrul Regina Maria Oradea","description":"Actri\u0163\u0103 Data \u015fi locul na\u015fterii: 08.06.1933, Pleni\u0163a Studii: I.A.T.C. \u201eI.L.Caragiale\u201d Bucure\u015fti, 1955 \u00cenc\u0103 una din \u201egrupul celor doisprezece\u201d veni\u0163i dup\u0103 absolvire, s\u0103 pun\u0103 bazele sec\u0163iei rom\u00e2ne a teatrului or\u0103dean, \u00een 1955. Actri\u0163\u0103 talentat\u0103 \u015fi expresiv\u0103, a \u0163inut \u201ecapul de afi\u015f\u201d \u00een mai toate premierele jucate \u00een cele patru stagiuni petrecute la Oradea. Chiar \u00een primul","inLanguage":"hu-HU","isPartOf":{"@id":"https:\/\/www.teatrulreginamaria.ro\/hu\/#website"},"breadcrumb":{"@id":"https:\/\/www.teatrulreginamaria.ro\/hu\/arhiva\/tacoi-cistina\/#breadcrumblist"},"image":{"@type":"ImageObject","url":"https:\/\/www.teatrulreginamaria.ro\/wp-content\/uploads\/2012\/06\/Cristina-Tacoi.jpg","@id":"https:\/\/www.teatrulreginamaria.ro\/hu\/arhiva\/tacoi-cistina\/#mainImage","width":300,"height":221},"primaryImageOfPage":{"@id":"https:\/\/www.teatrulreginamaria.ro\/hu\/arhiva\/tacoi-cistina\/#mainImage"},"datePublished":"2012-06-07T09:34:12+03:00","dateModified":"2012-06-07T09:34:12+03:00"},{"@type":"WebSite","@id":"https:\/\/www.teatrulreginamaria.ro\/hu\/#website","url":"https:\/\/www.teatrulreginamaria.ro\/hu\/","name":"Teatrul Regina Maria Oradea","alternateName":"TRM Oradea","description":"Trupa Iosif Vulcan \u0219i Trupa Arcadia","inLanguage":"hu-HU","publisher":{"@id":"https:\/\/www.teatrulreginamaria.ro\/hu\/#organization"}}]},"og:locale":"hu_HU","og:site_name":"Teatrul Regina Maria Oradea - Trupa Iosif Vulcan \u0219i Trupa Arcadia","og:type":"article","og:title":"Tacoi, Cristina - Teatrul Regina Maria Oradea","og:description":"Actri\u0163\u0103 Data \u015fi locul na\u015fterii: 08.06.1933, Pleni\u0163a Studii: I.A.T.C. \u201eI.L.Caragiale\u201d Bucure\u015fti, 1955 \u00cenc\u0103 una din \u201egrupul celor doisprezece\u201d veni\u0163i dup\u0103 absolvire, s\u0103 pun\u0103 bazele sec\u0163iei rom\u00e2ne a teatrului or\u0103dean, \u00een 1955. Actri\u0163\u0103 talentat\u0103 \u015fi expresiv\u0103, a \u0163inut \u201ecapul de afi\u015f\u201d \u00een mai toate premierele jucate \u00een cele patru stagiuni petrecute la Oradea. Chiar \u00een primul","og:url":"https:\/\/www.teatrulreginamaria.ro\/hu\/arhiva\/tacoi-cistina\/","og:image":"https:\/\/www.teatrulreginamaria.ro\/wp-content\/uploads\/2025\/03\/trm-istoric-01.jpg","og:image:secure_url":"https:\/\/www.teatrulreginamaria.ro\/wp-content\/uploads\/2025\/03\/trm-istoric-01.jpg","og:image:width":1200,"og:image:height":800,"article:published_time":"2012-06-07T09:34:12+00:00","article:modified_time":"2012-06-07T09:34:12+00:00","article:publisher":"https:\/\/www.facebook.com\/TRMTrupaIosifVulcan\/","twitter:card":"summary_large_image","twitter:site":"@TRMOradea","twitter:title":"Tacoi, Cristina - Teatrul Regina Maria Oradea","twitter:description":"Actri\u0163\u0103 Data \u015fi locul na\u015fterii: 08.06.1933, Pleni\u0163a Studii: I.A.T.C. \u201eI.L.Caragiale\u201d Bucure\u015fti, 1955 \u00cenc\u0103 una din \u201egrupul celor doisprezece\u201d veni\u0163i dup\u0103 absolvire, s\u0103 pun\u0103 bazele sec\u0163iei rom\u00e2ne a teatrului or\u0103dean, \u00een 1955. Actri\u0163\u0103 talentat\u0103 \u015fi expresiv\u0103, a \u0163inut \u201ecapul de afi\u015f\u201d \u00een mai toate premierele jucate \u00een cele patru stagiuni petrecute la Oradea. Chiar \u00een primul","twitter:image":"https:\/\/www.teatrulreginamaria.ro\/wp-content\/uploads\/2025\/03\/trm-istoric-01.jpg"},"aioseo_meta_data":{"post_id":"9594","title":null,"description":null,"keywords":null,"keyphrases":null,"primary_term":null,"canonical_url":null,"og_title":null,"og_description":null,"og_object_type":"default","og_image_type":"default","og_image_url":null,"og_image_width":null,"og_image_height":null,"og_image_custom_url":null,"og_image_custom_fields":null,"og_video":null,"og_custom_url":null,"og_article_section":null,"og_article_tags":null,"twitter_use_og":false,"twitter_card":"default","twitter_image_type":"default","twitter_image_url":null,"twitter_image_custom_url":null,"twitter_image_custom_fields":null,"twitter_title":null,"twitter_description":null,"schema":{"blockGraphs":[],"customGraphs":[],"default":{"data":{"Article":[],"Course":[],"Dataset":[],"FAQPage":[],"Movie":[],"Person":[],"Product":[],"ProductReview":[],"Car":[],"Recipe":[],"Service":[],"SoftwareApplication":[],"WebPage":[]},"graphName":"","isEnabled":true},"graphs":[]},"schema_type":"default","schema_type_options":null,"pillar_content":false,"robots_default":true,"robots_noindex":false,"robots_noarchive":false,"robots_nosnippet":false,"robots_nofollow":false,"robots_noimageindex":false,"robots_noodp":false,"robots_notranslate":false,"robots_max_snippet":null,"robots_max_videopreview":null,"robots_max_imagepreview":"large","priority":null,"frequency":null,"local_seo":null,"seo_analyzer_scan_date":"2026-05-13 06:06:54","breadcrumb_settings":null,"limit_modified_date":false,"reviewed_by":null,"open_ai":null,"ai":null,"created":"2025-04-09 17:40:40","updated":"2026-05-13 06:06:54","focus_keyword":null,"additional_keywords":null,"truseo_locale":null},"aioseo_breadcrumb":"<div class=\"aioseo-breadcrumbs\"><span class=\"aioseo-breadcrumb\">\n\t<a href=\"https:\/\/www.teatrulreginamaria.ro\/hu\" title=\"Home\">Home<\/a>\n<\/span><span class=\"aioseo-breadcrumb-separator\">&raquo;<\/span><span class=\"aioseo-breadcrumb\">\n\t<a href=\"https:\/\/www.teatrulreginamaria.ro\/hu\/categorie-arhiva\/arhiva-trupa-iosif-vulcan\/\" title=\"Arhiv\u0103 Trupa Iosif Vulcan\">Arhiv\u0103 Trupa Iosif Vulcan<\/a>\n<\/span><span class=\"aioseo-breadcrumb-separator\">&raquo;<\/span><span class=\"aioseo-breadcrumb\">\n\t<a href=\"https:\/\/www.teatrulreginamaria.ro\/hu\/categorie-arhiva\/arhiva-actori-trupa-iosif-vulcan\/\" title=\"Arhiv\u0103 Actori Trupa Iosif Vulcan\">Arhiv\u0103 Actori Trupa Iosif Vulcan<\/a>\n<\/span><span class=\"aioseo-breadcrumb-separator\">&raquo;<\/span><span class=\"aioseo-breadcrumb\">\n\tTacoi, Cristina\n<\/span><\/div>","aioseo_breadcrumb_json":[{"label":"Home","link":"https:\/\/www.teatrulreginamaria.ro\/hu"},{"label":"Arhiv\u0103 Trupa Iosif Vulcan","link":"https:\/\/www.teatrulreginamaria.ro\/hu\/categorie-arhiva\/arhiva-trupa-iosif-vulcan\/"},{"label":"Arhiv\u0103 Actori Trupa Iosif Vulcan","link":"https:\/\/www.teatrulreginamaria.ro\/hu\/categorie-arhiva\/arhiva-actori-trupa-iosif-vulcan\/"},{"label":"Tacoi, Cristina","link":"https:\/\/www.teatrulreginamaria.ro\/hu\/arhiva\/tacoi-cistina\/"}],"acf":[],"_links":{"self":[{"href":"https:\/\/www.teatrulreginamaria.ro\/hu\/wp-json\/wp\/v2\/arhiva\/9594","targetHints":{"allow":["GET"]}}],"collection":[{"href":"https:\/\/www.teatrulreginamaria.ro\/hu\/wp-json\/wp\/v2\/arhiva"}],"about":[{"href":"https:\/\/www.teatrulreginamaria.ro\/hu\/wp-json\/wp\/v2\/types\/arhiva"}],"wp:featuredmedia":[{"embeddable":true,"href":"https:\/\/www.teatrulreginamaria.ro\/hu\/wp-json\/wp\/v2\/media\/422"}],"wp:attachment":[{"href":"https:\/\/www.teatrulreginamaria.ro\/hu\/wp-json\/wp\/v2\/media?parent=9594"}],"wp:term":[{"taxonomy":"categorie-arhiva","embeddable":true,"href":"https:\/\/www.teatrulreginamaria.ro\/hu\/wp-json\/wp\/v2\/categorie-arhiva?post=9594"}],"curies":[{"name":"munkaf\u00fczet","href":"https:\/\/api.w.org\/{rel}","templated":true}]}}